{"id":76,"date":"2020-01-26T07:33:45","date_gmt":"2020-01-26T07:33:45","guid":{"rendered":"https:\/\/melteminan.com\/?page_id=76"},"modified":"2021-04-09T13:10:20","modified_gmt":"2021-04-09T13:10:20","slug":"biyografi","status":"publish","type":"page","link":"https:\/\/melteminan.com\/?page_id=76","title":{"rendered":"Biyografi"},"content":{"rendered":"\t\t<div data-elementor-type=\"wp-page\" data-elementor-id=\"76\" class=\"elementor elementor-76\">\n\t\t\t\t\t\t<section class=\"elementor-section elementor-top-section elementor-element elementor-element-bbcb701 elementor-section-full_width elementor-section-height-default elementor-section-height-default\" data-id=\"bbcb701\" data-element_type=\"section\">\n\t\t\t\t\t\t<div class=\"elementor-container elementor-column-gap-no\">\n\t\t\t\t\t<div class=\"elementor-column elementor-col-100 elementor-top-column elementor-element elementor-element-58d94ac\" data-id=\"58d94ac\" data-element_type=\"column\">\n\t\t\t<div class=\"elementor-widget-wrap\">\n\t\t\t\t\t\t\t<\/div>\n\t\t<\/div>\n\t\t\t\t\t<\/div>\n\t\t<\/section>\n\t\t\t\t<section class=\"elementor-section elementor-top-section elementor-element elementor-element-57cad76 elementor-section-content-top elementor-section-boxed elementor-section-height-default elementor-section-height-default\" data-id=\"57cad76\" data-element_type=\"section\">\n\t\t\t\t\t\t<div class=\"elementor-container elementor-column-gap-wider\">\n\t\t\t\t\t<div class=\"elementor-column elementor-col-50 elementor-top-column elementor-element elementor-element-b8cd559\" data-id=\"b8cd559\" data-element_type=\"column\">\n\t\t\t<div class=\"elementor-widget-wrap elementor-element-populated\">\n\t\t\t\t\t\t<div class=\"elementor-element elementor-element-29a9705 animated-fast elementor-invisible elementor-widget elementor-widget-text-editor\" data-id=\"29a9705\" data-element_type=\"widget\" data-settings=\"{&quot;_animation&quot;:&quot;fadeInUp&quot;}\" data-widget_type=\"text-editor.default\">\n\t\t\t\t<div class=\"elementor-widget-container\">\n\t\t\t\t\t\t\t\t\t<p>Gazetecilik hayat\u0131na 1994 y\u0131l\u0131nda 32. G\u00dcN program\u0131nda ba\u015flad\u0131.Yap\u0131m Yard\u0131mc\u0131s\u0131 olarak ba\u015flad\u0131\u011f\u0131 g\u00f6revine muhabir olarak devam etti. Burada ger\u00e7ekle\u015ftirdi\u011fi r\u00f6portajlarla dikkat \u00e7ekti. O d\u00f6nemki Avrupa Birli\u011fi ba\u015fkan\u0131 Alain Juppe ve Nato Genel Sekreteri Javier Solana ile yapt\u0131\u011f\u0131 r\u00f6portajlar ses getirdi. Ayr\u0131ca gen\u00e7lerin d\u00fcnyas\u0131n\u0131 yans\u0131tan dosyalar haz\u0131rlad\u0131.<\/p>\t\t\t\t\t\t\t\t<\/div>\n\t\t\t\t<\/div>\n\t\t\t\t<div class=\"elementor-element elementor-element-ae3c21b animated-fast elementor-invisible elementor-widget elementor-widget-text-editor\" data-id=\"ae3c21b\" data-element_type=\"widget\" data-settings=\"{&quot;_animation&quot;:&quot;fadeInUp&quot;}\" data-widget_type=\"text-editor.default\">\n\t\t\t\t<div class=\"elementor-widget-container\">\n\t\t\t\t\t\t\t\t\t<p>Ard\u0131ndan 1 y\u0131l Kanal D Haber Merkezinde D\u0131\u015f politika ve Sanat muhabirli\u011fi g\u00f6revlerinde bulundu. Zaman\u0131n\u0131n Yunanistan D\u0131\u015fi\u015fleri Bakan\u0131 Yorgo Papandreu ile r\u00f6portaj\u0131 uzun s\u00fcre yaz\u0131l\u0131 bas\u0131n\u0131n g\u00fcndeminden inmedi.Kuzey Irak\u2019taki catismalar sirasinda savas muhabirligi yapti. Bunun yan\u0131s\u0131ra Sanat g\u00fcndeminin i\u00e7inde yer alan etkinliklere, farkl\u0131 bir montaj ve bak\u0131\u015f a\u00e7\u0131s\u0131yla haz\u0131rlam\u0131\u015f oldu\u011fu haberlerle, yeni bir anlat\u0131m stili geli\u015ftirdi. \u2018Secret Garden\u2019 isimli \u00fcnl\u00fc Norvec muzik grubu ile roportajini Kanal D\u2019de muhabirlik yaptigi donemde gerceklestirdi<\/p>\t\t\t\t\t\t\t\t<\/div>\n\t\t\t\t<\/div>\n\t\t\t\t<div class=\"elementor-element elementor-element-86b9220 animated-fast elementor-invisible elementor-widget elementor-widget-text-editor\" data-id=\"86b9220\" data-element_type=\"widget\" data-settings=\"{&quot;_animation&quot;:&quot;fadeInUp&quot;}\" data-widget_type=\"text-editor.default\">\n\t\t\t\t<div class=\"elementor-widget-container\">\n\t\t\t\t\t\t\t\t\t<p><span style=\"font-size: 16.0016px; background-color: inherit;\">\u00dcniversite E\u011fitimini peki\u015ftirmek amac\u0131yla Amerika\u2019da ara\u015ft\u0131rmac\u0131 gazetecilik \u00fczerine lisans e\u011fitimi g\u00f6rd\u00fc.\u00a0<\/span>Ardindan 5 y\u0131l s\u00fcrecek \u2018HABERC\u0130 BELGESEL\u0130\u2019 maceras\u0131na at\u0131ld\u0131. Co\u015fkun Aral ile birlikte haz\u0131rlad\u0131klar\u0131 Haberci\u2019de,Inglizce ve Ispanyolca&#8217;ya cok iyi derecede hakim olmasinin avantajiyla, Afrika, Asya, Kuzey Amerika, G\u00fcney Amerika ve Avrupa k\u0131tas\u0131nda 50\u2019yi a\u015fk\u0131n \u00fclkede belgesel b\u00f6l\u00fcmleri haz\u0131rlad\u0131. Bu belgeselin \u00f6zelli\u011fi, muhabirlerin i\u015fledikleri konular\u0131n \u015fahsen i\u00e7inde yer al\u0131rken, kendi deneyimlerini de aktarabilmeleriydi.<\/p>\t\t\t\t\t\t\t\t<\/div>\n\t\t\t\t<\/div>\n\t\t\t\t<div class=\"elementor-element elementor-element-4496e6c animated-fast elementor-invisible elementor-widget elementor-widget-text-editor\" data-id=\"4496e6c\" data-element_type=\"widget\" data-settings=\"{&quot;_animation&quot;:&quot;fadeInUp&quot;}\" data-widget_type=\"text-editor.default\">\n\t\t\t\t<div class=\"elementor-widget-container\">\n\t\t\t\t\t\t\t\t\t<p>Bir yandan Arjantin\u2019de Tango d\u00fcnyas\u0131n\u0131n i\u00e7ine girerken ya da Venedik Karnaval\u0131n\u0131n ruhunu aktar\u0131rken, \u00f6te yandan Malezya\u2019da y\u00fczy\u0131llard\u0131r ya\u015fam tarzlar\u0131n\u0131 de\u011fi\u015ftirmeyen \u0130ban kabilesine konuk oldu onlar\u0131n ya\u015fam tarzlar\u0131n\u0131 ekrana ta\u015f\u0131d\u0131 ve kabile \u00fcyeleriyle nas\u0131l dost olmaya ba\u015flad\u0131klar\u0131n\u0131 a\u015fama a\u015fama aktard\u0131.<\/p>\t\t\t\t\t\t\t\t<\/div>\n\t\t\t\t<\/div>\n\t\t\t\t<div class=\"elementor-element elementor-element-b29b878 animated-fast elementor-invisible elementor-widget elementor-widget-text-editor\" data-id=\"b29b878\" data-element_type=\"widget\" data-settings=\"{&quot;_animation&quot;:&quot;fadeInUp&quot;}\" data-widget_type=\"text-editor.default\">\n\t\t\t\t<div class=\"elementor-widget-container\">\n\t\t\t\t\t\t\t\t\t<p>En ilgi \u00e7eken dosyalar\u0131 aras\u0131nda Moskova\u2019daki Yuri Gagarin Kozmonot Merkezi\u2019nde ger\u00e7ekle\u015ftirmi\u015f oldu\u011fu yer\u00e7ekimsiz hava ortam\u0131ndaki u\u00e7u\u015f denemesiydi. Yer\u00e7ekimsiz hava ortam\u0131n\u0131 \u015fahsen tecr\u00fcbe ederken, kozmonotlar\u0131n yer \u00e7ekimsiz hava ortam\u0131ndaki e\u011fitimlerini de g\u00f6r\u00fcnt\u00fclemeyi ba\u015fard\u0131. Rusya\u2019n\u0131n \u2018g\u00f6kteki kahramanlar\u2019 diye nitelendirdi\u011fi en \u00f6nemli kozmonotlarla r\u00f6portajlara yer verdi\u011fi bu \u00f6zel b\u00f6l\u00fcmde, ge\u00e7ti\u011fimiz y\u0131llarda d\u00fc\u015f\u00fcr\u00fclen Mir uzay istasyonu ve Soyuz u\u00e7u\u015f mod\u00fcllerinin simulat\u00f6rlerine de girmeyi ba\u015fard\u0131.<\/p>\t\t\t\t\t\t\t\t<\/div>\n\t\t\t\t<\/div>\n\t\t\t\t<div class=\"elementor-element elementor-element-0eda440 animated-fast elementor-invisible elementor-widget elementor-widget-text-editor\" data-id=\"0eda440\" data-element_type=\"widget\" data-settings=\"{&quot;_animation&quot;:&quot;fadeInUp&quot;}\" data-widget_type=\"text-editor.default\">\n\t\t\t\t<div class=\"elementor-widget-container\">\n\t\t\t\t\t\t\t\t\t<p>S\u00fcrg\u00fcndeki Tibet\u2019liler \u00fczerine haz\u0131rlad\u0131\u011f\u0131 programda, Tibet\u2019lilerin ruhani lideri 14. Dalai Lama ve m\u00fcridi , \u00fcnl\u00fc Hollywood akt\u00f6r\u00fc Richard Gere ile yapt\u0131\u011f\u0131 r\u00f6portajlar, yine gazete man\u015fetlerinden uzun s\u00fcre inmedi.Hong Kong sinemas\u0131 \u00fczerine yapt\u0131\u011f\u0131 b\u00f6l\u00fcmde Jackie Chan ile r\u00f6portaja yer verirken, Hindistan sinemas\u0131 \u00fczerine haz\u0131rlad\u0131\u011f\u0131 belgeselde Hindistan\u2019\u0131n bir numaral\u0131 akt\u00f6r\u00fc Amir Khan ile r\u00f6portaj yapt\u0131.<\/p>\t\t\t\t\t\t\t\t<\/div>\n\t\t\t\t<\/div>\n\t\t\t\t<div class=\"elementor-element elementor-element-03c2ee7 animated-fast elementor-invisible elementor-widget elementor-widget-text-editor\" data-id=\"03c2ee7\" data-element_type=\"widget\" data-settings=\"{&quot;_animation&quot;:&quot;fadeInUp&quot;}\" data-widget_type=\"text-editor.default\">\n\t\t\t\t<div class=\"elementor-widget-container\">\n\t\t\t\t\t\t\t\t\t<p>The reports she had prepared during the war in Northern Iraq caught the attention of the well known International journalist Co\u015fkun Aral. Shortly after she started working with him in the documentary prgramme called \u2018Haberci-Reporter\u2019 for 6 years in which she travelled 54 countries all around the World.<\/p>\t\t\t\t\t\t\t\t<\/div>\n\t\t\t\t<\/div>\n\t\t\t\t<div class=\"elementor-element elementor-element-67920e9 animated-fast elementor-invisible elementor-widget elementor-widget-text-editor\" data-id=\"67920e9\" data-element_type=\"widget\" data-settings=\"{&quot;_animation&quot;:&quot;fadeInUp&quot;}\" data-widget_type=\"text-editor.default\">\n\t\t\t\t<div class=\"elementor-widget-container\">\n\t\t\t\t\t\t\t\t\t<p>During her years in Haberci she prepared episodes that attracted the attention of the World News Agencies. The interviews she made with the 14th Dalai Lama and Richard Gere were sold to News Agencies and magazines around the World.<\/p>\t\t\t\t\t\t\t\t<\/div>\n\t\t\t\t<\/div>\n\t\t\t\t<div class=\"elementor-element elementor-element-36c806f animated-fast elementor-invisible elementor-widget elementor-widget-text-editor\" data-id=\"36c806f\" data-element_type=\"widget\" data-settings=\"{&quot;_animation&quot;:&quot;fadeInUp&quot;}\" data-widget_type=\"text-editor.default\">\n\t\t\t\t<div class=\"elementor-widget-container\">\n\t\t\t\t\t\t\t\t\t<p>The episodes she prepared over the \u0130ban tribe living in the Sarawak jungle in Malaysia, the interviews with Alberto Korda and Hemingway\u2019s fisherman friend that inspired him to write his novel \u2018The Old Man and the Sea\u2019 , the Santeria Rituals in Cuba, the zero gravity flight in the Yuri Gagarin Cosmonaut Center, The Carnival of Venice, The Amazon Basin in Peru, the Potosi Mines in Bolivia, the Nuba tribe in Sudan were all broadcasted later by the German Channel ZDF by the name \u2018Go East Go West\u2019<\/p>\t\t\t\t\t\t\t\t<\/div>\n\t\t\t\t<\/div>\n\t\t\t\t<div class=\"elementor-element elementor-element-3b03a7f animated-fast elementor-invisible elementor-widget elementor-widget-text-editor\" data-id=\"3b03a7f\" data-element_type=\"widget\" data-settings=\"{&quot;_animation&quot;:&quot;fadeInUp&quot;}\" data-widget_type=\"text-editor.default\">\n\t\t\t\t<div class=\"elementor-widget-container\">\n\t\t\t\t\t\t\t\t\t<p>The documentary she prepared about the Penetentiary Prisons in the USA, helped her win one of the most important journalism awards in Turkey. \u201c\u00c7a\u011fda\u015f Gazeteciler Derne\u011fi- 2001 En iyi Belgesel \u00d6d\u00fcl\u00fc.\u201d- \u201c Progressive Journalists Association- 2001 Best Documentary Award.\u201d<\/p>\t\t\t\t\t\t\t\t<\/div>\n\t\t\t\t<\/div>\n\t\t\t\t<div class=\"elementor-element elementor-element-e1edab7 animated-fast elementor-invisible elementor-widget elementor-widget-text-editor\" data-id=\"e1edab7\" data-element_type=\"widget\" data-settings=\"{&quot;_animation&quot;:&quot;fadeInUp&quot;}\" data-widget_type=\"text-editor.default\">\n\t\t\t\t<div class=\"elementor-widget-container\">\n\t\t\t\t\t\t\t\t\t<p>She later produced the format \u201999 Things to Do before you Die\u2019. This content has been sold \u0130nternationally and is also aired in the Turkish Documentary Channel called \u201cIz\u201d.<\/p>\t\t\t\t\t\t\t\t<\/div>\n\t\t\t\t<\/div>\n\t\t\t\t<div class=\"elementor-element elementor-element-8361062 animated-fast elementor-invisible elementor-widget elementor-widget-text-editor\" data-id=\"8361062\" data-element_type=\"widget\" data-settings=\"{&quot;_animation&quot;:&quot;fadeInUp&quot;}\" data-widget_type=\"text-editor.default\">\n\t\t\t\t<div class=\"elementor-widget-container\">\n\t\t\t\t\t\t\t\t\t<p>Meltem \u0130nan has also presented and produced several programmes in different channels such as TV8,Habert\u00fcrk TRT T\u00fcrk and A Haber covering stories about, popular culture, Art Exhibitions, concerts, life style and also as host in talk shows&#8230;<\/p>\t\t\t\t\t\t\t\t<\/div>\n\t\t\t\t<\/div>\n\t\t\t\t<div class=\"elementor-element elementor-element-5da0dab animated-fast elementor-invisible elementor-widget elementor-widget-text-editor\" data-id=\"5da0dab\" data-element_type=\"widget\" data-settings=\"{&quot;_animation&quot;:&quot;fadeInUp&quot;}\" data-widget_type=\"text-editor.default\">\n\t\t\t\t<div class=\"elementor-widget-container\">\n\t\t\t\t\t\t\t\t\t<p>Meltem Inan has three published books.<\/p>\t\t\t\t\t\t\t\t<\/div>\n\t\t\t\t<\/div>\n\t\t\t\t<div class=\"elementor-element elementor-element-85f6a0c animated-fast elementor-invisible elementor-widget elementor-widget-text-editor\" data-id=\"85f6a0c\" data-element_type=\"widget\" data-settings=\"{&quot;_animation&quot;:&quot;fadeInUp&quot;}\" data-widget_type=\"text-editor.default\">\n\t\t\t\t<div class=\"elementor-widget-container\">\n\t\t\t\t\t\t\t\t\t<p>\u2018An\u0131 Koleksiyoncusu-The Memoir Collector\u2019 is about her adventures during her travells&#8230; \u2018Yeni bir \u015eiva-A New Shiva\u2019 and \u2018Aynadaki Tanr\u0131- The God in the Mirror\u2019 are novels that have been published by Dharma Literature.\u2018Yeni bir \u015eiva-A New Shiva\u2019 , has later been adapted to the Bigscreen.<\/p>\t\t\t\t\t\t\t\t<\/div>\n\t\t\t\t<\/div>\n\t\t\t\t\t<\/div>\n\t\t<\/div>\n\t\t\t\t<div class=\"elementor-column elementor-col-50 elementor-top-column elementor-element elementor-element-c56bdc8\" data-id=\"c56bdc8\" data-element_type=\"column\">\n\t\t\t<div class=\"elementor-widget-wrap\">\n\t\t\t\t\t\t\t<\/div>\n\t\t<\/div>\n\t\t\t\t\t<\/div>\n\t\t<\/section>\n\t\t\t\t<\/div>\n\t\t","protected":false},"excerpt":{"rendered":"<p>Biyografi Meltem Inan, ilkokulu 9 y\u0131l ya\u015fad\u0131\u011f\u0131 Ispanya\u2019da tamamlad\u0131ktan sonra Orta Okul ve Liseyi Ankara kolejinde tamamlad\u0131 ve ODT\u00dc E\u011fitim Fak\u00fcltesi , \u0130nglizce \u00d6\u011fretmenlik b\u00f6l\u00fcm\u00fcnden mezun oldu. Gazetecilik hayat\u0131na 1994 y\u0131l\u0131nda 32. G\u00dcN program\u0131nda ba\u015flad\u0131.Yap\u0131m Yard\u0131mc\u0131s\u0131 olarak ba\u015flad\u0131\u011f\u0131 g\u00f6revine muhabir olarak devam etti. Burada ger\u00e7ekle\u015ftirdi\u011fi r\u00f6portajlarla dikkat \u00e7ekti. O d\u00f6nemki Avrupa Birli\u011fi ba\u015fkan\u0131 Alain Juppe [&hellip;]<\/p>\n","protected":false},"author":3,"featured_media":0,"parent":0,"menu_order":0,"comment_status":"closed","ping_status":"closed","template":"templates\/page-builder-content.php","meta":{"footnotes":""},"class_list":["post-76","page","type-page","status-publish","hentry"],"_links":{"self":[{"href":"https:\/\/melteminan.com\/index.php?rest_route=\/wp\/v2\/pages\/76","targetHints":{"allow":["GET"]}}],"collection":[{"href":"https:\/\/melteminan.com\/index.php?rest_route=\/wp\/v2\/pages"}],"about":[{"href":"https:\/\/melteminan.com\/index.php?rest_route=\/wp\/v2\/types\/page"}],"author":[{"embeddable":true,"href":"https:\/\/melteminan.com\/index.php?rest_route=\/wp\/v2\/users\/3"}],"replies":[{"embeddable":true,"href":"https:\/\/melteminan.com\/index.php?rest_route=%2Fwp%2Fv2%2Fcomments&post=76"}],"version-history":[{"count":26,"href":"https:\/\/melteminan.com\/index.php?rest_route=\/wp\/v2\/pages\/76\/revisions"}],"predecessor-version":[{"id":908,"href":"https:\/\/melteminan.com\/index.php?rest_route=\/wp\/v2\/pages\/76\/revisions\/908"}],"wp:attachment":[{"href":"https:\/\/melteminan.com\/index.php?rest_route=%2Fwp%2Fv2%2Fmedia&parent=76"}],"curies":[{"name":"wp","href":"https:\/\/api.w.org\/{rel}","templated":true}]}}